{"id":17,"date":"2021-11-11T00:07:18","date_gmt":"2021-11-10T23:07:18","guid":{"rendered":"http:\/\/arborethic.com\/JeromeHutin\/?page_id=17"},"modified":"2024-10-09T17:22:10","modified_gmt":"2024-10-09T15:22:10","slug":"jerome-hutin-photographe","status":"publish","type":"page","link":"https:\/\/arborethic.com\/JeromeHutin\/index.php\/jerome-hutin-photographe\/","title":{"rendered":"J\u00e9r\u00f4me Hutin, photographe"},"content":{"rendered":"\n<div class=\"wp-block-image is-style-default\"><figure class=\"alignright\"><a href=\"http:\/\/vezere.org\/wp-content\/uploads\/2023\/01\/PA238391.jpg\"><img decoding=\"async\" src=\"http:\/\/vezere.org\/wp-content\/uploads\/2023\/01\/PA238391.jpg\" alt=\"\" class=\"wp-image-11546\"\/><\/a><\/figure><\/div>\n\n\n\n<p>J\u00e9r\u00f4me Hutin , j&rsquo;avais 5 ou 6 ans !! le plus bel enfant du monde !!!!!<\/p>\n\n\n\n<p><strong>J\u00e9r\u00f4me Hutin<\/strong> est photographe depuis 1986. N\u00e9 dans les Vosges le 17 septembre 1967, de parents artisans d\u2019art, il vit en P\u00e9rigord depuis 1979.<\/p>\n\n\n\n<p>En 1971, toute la famille est partie vivre dans le <strong>ch\u00e2teau de Salomon pr\u00e8s de Fumel, Lot et Garonne<\/strong>, dans lequel vivent des grands c\u00e8dres, marronniers, tilleuls centenaires.<\/p>\n\n\n\n<p><em>Le 2 d\u00e9cembre 2017, avec le maire d&rsquo;Epinal (Vosges), nous avons d\u00e9cern\u00e9 une plaque comm\u00e9morative pour les 50 ans d&rsquo;un Saint Nicolas en c\u00e9ramique r\u00e9alis\u00e9 par mes parents Jean et Genevi\u00e8ve Hutin. Une oeuvre d&rsquo;art unique au monde.<\/em><\/p>\n\n\n\n<div class=\"wp-block-image is-style-default\"><figure class=\"alignright\"><img decoding=\"async\" src=\"http:\/\/arbresvenerables.arborethic.com\/blog\/wp-content\/uploads\/2016\/12\/18052014-IMG_2013-1024x683.jpg\" alt=\"\" class=\"wp-image-2179\"\/><\/figure><\/div>\n\n\n\n<div class=\"wp-block-image is-style-default\"><figure class=\"aligncenter\"><a href=\"http:\/\/vezere.org\/wp-content\/uploads\/2023\/01\/P_20210615_192224.jpg\"><img decoding=\"async\" src=\"http:\/\/vezere.org\/wp-content\/uploads\/2023\/01\/P_20210615_192224-768x1024.jpg\" alt=\"\" class=\"wp-image-11523\"\/><\/a><\/figure><\/div>\n\n\n\n<p><strong>De 1996 \u00e0 2002<\/strong>, avec le soutien de <strong>Total<\/strong> et de <strong>Pierre Peugeot<\/strong>, ainsi que d&rsquo;autres entreprises internationales et de m\u00e9c\u00e8nes, je suis partis autour du monde pour pr\u00e9parer mon premier livre \u00ab\u00a0<strong>Les Arbres V\u00e9n\u00e9rables de la Plan\u00e8te<\/strong>\u00ab\u00a0.<\/p>\n\n\n\n<div class=\"wp-block-image is-style-default\"><figure class=\"aligncenter\"><a href=\"http:\/\/vezere.org\/wp-content\/uploads\/2023\/01\/Monde_Arbres_venerables_80x100bis.jpg\"><img decoding=\"async\" src=\"http:\/\/vezere.org\/wp-content\/uploads\/2023\/01\/Monde_Arbres_venerables_80x100bis-1024x860.jpg\" alt=\"\" class=\"wp-image-11547\"\/><\/a><\/figure><\/div>\n\n\n\n<p><strong>Le 23 janvier 2000<\/strong>, je lance l<a href=\"http:\/\/arbresvenerables.arborethic.com\/blog\/index.php\/appel-des-arbres-venerables\/\" target=\"_blank\" rel=\"noreferrer noopener\">\u2019<\/a><strong>appel international pour le classement des arbres v\u00e9n\u00e9rables au patrimoine mondial<\/strong><\/p>\n\n\n\n<div class=\"wp-block-image is-style-default\"><figure class=\"alignright\"><img decoding=\"async\" src=\"http:\/\/vezere.org\/wp-content\/uploads\/2018\/01\/WEB_Couverture_livre_-_Les_Arbres_Venerables_-_2003.jpg\" alt=\"\" class=\"wp-image-87\"\/><\/figure><\/div>\n\n\n\n<p>(voir sur http:\/\/arbresvenerables.fr)<\/p>\n\n\n\n<p><strong>En mars 2003,<\/strong> mon voyage de 5 ans autour du monde dans une cinquantaine de pays, aboutit \u00e0 mon premier livre \u00ab <strong>Les arbres v\u00e9n\u00e9rables de la plan\u00e8te <\/strong>\u00bb, \u00e9dit\u00e9&nbsp; chez&nbsp; JC Latt\u00e8s.<\/p>\n\n\n\n<p>De 2006 \u00e0 2011, l\u2019exposition g\u00e9ante a \u00e9t\u00e9 install\u00e9e dans diff\u00e9rentes villes de France et aussi en Suisse.<\/p>\n\n\n\n<p>L\u2019exposition actuelle \u00ab arbres v\u00e9n\u00e9rables \u00bb a \u00e9t\u00e9 montr\u00e9e au <strong>festival de l\u2019Arbre de R\u00e9aumont (Is\u00e8re)<\/strong>, au <strong>festival du film de jardins de Gaillac (Tarn)<\/strong>, \u00e0 la <strong>f\u00eate des plantes de Lezoux (Puy de D\u00f4me)<\/strong>, au <strong>festival animalier de Montier en Der (Haute Marne)<\/strong>, \u00e0 l\u2019<strong>Arboretum d\u2019Eaubonne, en Suisse<\/strong>, \u00e0 <strong>Hy\u00e8res-les-Palmiers (Var)<\/strong>, \u00e0 <strong>Levallois Perret (Hauts de Seine)<\/strong>, en 2009 <strong>en Corse, \u00e0 la f\u00eate de l\u2019arbre de Reims,<\/strong> en 2010 \u00e0 <strong>D\u00e9cines<\/strong> (69) lors de l\u2019op\u00e9ration de plantation \u00ab aux arbres citoyens \u00bb, \u00e0 <strong>Louviers<\/strong> (Eure), au <strong>Festival International de G\u00e9ographie de Saint Di\u00e9 (Vosges)<\/strong>, et en octobre 2011 dans la ville du <strong>Cellier<\/strong>, pr\u00e8s de Nantes (44).<\/p>\n\n\n\n<p>En 2008, afin de mettre en place une \u00e9thique soci\u00e9tale et environnementale, et de pouvoir r\u00e9ussir dans sa vie professionnelle, J\u00e9r\u00f4me Hutin avait d\u00e9cid\u00e9 de cr\u00e9er sa marque ! <a href=\"http:\/\/arborethic.com\"><strong>Arbor\u2019Ethic<\/strong><\/a>, qui est une boutique en ligne de ses photographies d\u2019art.<\/p>\n\n\n\n<div class=\"wp-block-image is-style-default\"><figure class=\"aligncenter\"><a href=\"http:\/\/arborethic.com\" target=\"_blank\" rel=\"noreferrer noopener\"><img decoding=\"async\" src=\"http:\/\/vezere.org\/wp-content\/uploads\/2023\/01\/logo_arborethic_2017recadre.gif\" alt=\"\" class=\"wp-image-11548\"\/><\/a><\/figure><\/div>\n\n\n\n<p>Le lien : <a href=\"http:\/\/arborethic.com\">http:\/\/arborethic.com<\/a><\/p>\n\n\n\n<p>Acqu\u00e9rir une photographie d\u2019art :<\/p>\n\n\n\n<ul class=\"wp-block-list\"><li>C\u2019est <strong>SOUTENIR<\/strong> les artistes photographes qui veulent en vivre.<\/li><li>C\u2019est <strong>PARTICIPER<\/strong> \u00e0 un acte social.<\/li><li>C\u2019est <strong>REALISER<\/strong> du m\u00e9c\u00e9nat culturel.<\/li><li>C\u2019est <strong>ADMIRER<\/strong> une oeuvre originale chez soi ou au bureau.<\/li><li>C\u2019est se faire <strong>PLAISIR<\/strong> ou faire plaisir \u00e0 sa famille, ami(e)s, client(e)s.<\/li><\/ul>\n\n\n\n<div class=\"wp-block-image is-style-default\"><figure class=\"alignleft\"><img decoding=\"async\" src=\"http:\/\/vezere.org\/wp-content\/uploads\/2018\/01\/P6233061.jpg\" alt=\"\" class=\"wp-image-88\"\/><\/figure><\/div>\n\n\n\n<p>Le 23 juin 2007, a lieu la <strong>premi\u00e8re projection g\u00e9ante <\/strong>\u00ab Arbres v\u00e9n\u00e9rables de la plan\u00e8te\u00bb sur l\u2019\u00e9difice prestigieux de l\u2019<strong>H\u00f4tel Royal d\u2019Evian*****<\/strong> lors d\u2019un \u00ab atelier jardins \u00bb.<\/p>\n\n\n\n<p>Ma m\u00e8re d\u00e9c\u00e8de ce m\u00eame jour&#8230;<\/p>\n\n\n\n<p>En d\u00e9cembre 2010, chaque soir \u00e0 l\u2019occasion du festival \u00ab <strong>Arbres &amp; Lumi\u00e8res \u00bb de la ville de Gen\u00e8ve,<\/strong> a lieu cette m\u00eame projection g\u00e9ante \u00ab Arbres v\u00e9n\u00e9rables de la plan\u00e8te \u00bb&nbsp; soutenu par la banque Clariden Leu.<\/p>\n\n\n\n<div class=\"wp-block-image is-style-default\"><figure class=\"aligncenter\"><img decoding=\"async\" src=\"http:\/\/arbresvenerables.arborethic.com\/blog\/wp-content\/uploads\/2016\/12\/HUT0143_projectiongeante_arbreslumieres_Jerome_Hutin-1024x680.jpg\" alt=\"\" class=\"wp-image-2168\"\/><\/figure><\/div>\n\n\n\n<div class=\"wp-block-image is-style-default\"><figure class=\"aligncenter\"><a href=\"http:\/\/vezere.org\/wp-content\/uploads\/2023\/01\/HUT0147_projectiongeante_arbreslumieres_Jerome_Hutin-768x510.jpg\"><img decoding=\"async\" src=\"http:\/\/vezere.org\/wp-content\/uploads\/2023\/01\/HUT0147_projectiongeante_arbreslumieres_Jerome_Hutin-768x510.jpg\" alt=\"\" class=\"wp-image-11526\"\/><\/a><\/figure><\/div>\n\n\n\n<p>Et\u00e9 2013, une petite exposition itin\u00e9rante et p\u00e9dagogique des \u00abArbres v\u00e9n\u00e9rables de la plan\u00e8te\u00bb est financ\u00e9e par la ville de <strong>Terrasson<\/strong>.<\/p>\n\n\n\n<p>En ao\u00fbt 2014, J\u00e9r\u00f4me Hutin est \u00e0 l\u2019origine de la premi\u00e8re projection g\u00e9ante sur l\u2019\u00e9glise de <strong>Terrasson<\/strong>&#8211;<strong>Lavilledieu, en Dordogne,<\/strong> des photos d\u2019arbres de 32 m\u00e8tres de haut.<\/p>\n\n\n\n<div class=\"wp-block-image is-style-default\"><figure class=\"aligncenter\"><a href=\"http:\/\/vezere.org\/wp-content\/uploads\/2023\/01\/HUT_0054.jpg\"><img decoding=\"async\" src=\"http:\/\/vezere.org\/wp-content\/uploads\/2023\/01\/HUT_0054.jpg\" alt=\"\" class=\"wp-image-11525\"\/><\/a><\/figure><\/div>\n\n\n\n<div class=\"wp-block-image is-style-default\"><figure class=\"aligncenter\"><a href=\"http:\/\/vezere.org\/wp-content\/uploads\/2023\/01\/6059533-f08b873b5bf38f1b54deb5c17b178d2f.jpg\"><img decoding=\"async\" src=\"http:\/\/vezere.org\/wp-content\/uploads\/2023\/01\/6059533-f08b873b5bf38f1b54deb5c17b178d2f.jpg\" alt=\"\" class=\"wp-image-11527\"\/><\/a><\/figure><\/div>\n\n\n\n<p>En 2015, Un <strong>AVC <\/strong>en Ard\u00e8che ne l\u2019a pas aid\u00e9 ayant eu quelques troubles visuels, mais cela est rentr\u00e9 dans l\u2019ordre. <\/p>\n\n\n\n<p>Elle est belle sa gueule de Terminator !<\/p>\n\n\n\n<div class=\"wp-block-image is-style-default\"><figure class=\"aligncenter\"><a href=\"http:\/\/vezere.org\/wp-content\/uploads\/2023\/01\/C0026bis.jpg\"><img decoding=\"async\" src=\"http:\/\/vezere.org\/wp-content\/uploads\/2023\/01\/C0026bis.jpg\" alt=\"\" class=\"wp-image-11545\"\/><\/a><\/figure><\/div>\n\n\n\n<div class=\"wp-block-image is-style-default\"><figure class=\"aligncenter\"><a href=\"http:\/\/vezere.org\/wp-content\/uploads\/2023\/01\/M0012_arbre_de_vie.jpg\"><img decoding=\"async\" src=\"http:\/\/vezere.org\/wp-content\/uploads\/2023\/01\/M0012_arbre_de_vie.jpg\" alt=\"\" class=\"wp-image-11543\"\/><\/a><\/figure><\/div>\n\n\n\n<p>C\u2019est aussi cette ann\u00e9e que J\u00e9r\u00f4me Hutin rencontrait pour une 3\u00e8me fois <strong>Pierre Rabhi<\/strong> qui accepta de r\u00e9aliser la pr\u00e9face de son nouveau livre \u00ab&nbsp;<strong>Arbres tr\u00e9sors vivants du P\u00e9rigord<\/strong>\u00ab&nbsp;, publi\u00e9 aux Editions \u00ab&nbsp;<a href=\"http:\/\/leslivresdelilot.fr\/accueil\/19-arbres-tresors-vivants-du-perigord-9791092474114.html\" target=\"_blank\" rel=\"noreferrer noopener\">Les Livres de l\u2019Ilot<\/a>&nbsp;\u00bb en d\u00e9cembre 2015.<\/p>\n\n\n\n<div class=\"wp-block-image is-style-default\"><figure class=\"aligncenter\"><a href=\"http:\/\/vezere.org\/wp-content\/uploads\/2023\/01\/Pierre_Michele_Rabhi_et_Jerome_Hutin_HUT_0477_photo-de-Jerome-Hutin_web.jpg\"><img decoding=\"async\" src=\"http:\/\/vezere.org\/wp-content\/uploads\/2023\/01\/Pierre_Michele_Rabhi_et_Jerome_Hutin_HUT_0477_photo-de-Jerome-Hutin_web-1024x670.jpg\" alt=\"\" class=\"wp-image-11544\"\/><\/a><\/figure><\/div>\n\n\n\n<div class=\"wp-block-image is-style-default\"><figure class=\"aligncenter is-resized\"><img loading=\"lazy\" decoding=\"async\" src=\"http:\/\/arbresvenerables.arborethic.com\/blog\/wp-content\/uploads\/2016\/02\/Couv-Arbres_Noir_Final_recto.web_-300x246.jpg\" alt=\"Couv-Arbres_Noir_Final_recto.web\" class=\"wp-image-44\" width=\"572\" height=\"469\"\/><\/figure><\/div>\n\n\n\n<p>En 2018 pour Bois Passion \u00e0 Gourdon (Lot) est organis\u00e9 exposition et projection g\u00e9ante. Voir la vid\u00e9o : <\/p>\n\n\n\n<figure class=\"wp-block-embed-youtube wp-block-embed is-type-video is-provider-youtube wp-embed-aspect-16-9 wp-has-aspect-ratio\"><div class=\"wp-block-embed__wrapper\">\n<iframe loading=\"lazy\" title=\"Projection geante &quot; Arbres &amp; Nature&quot; sur l&#039;\u00e9glise Saint Pierre de Gourdon 12 &amp; 13 mai 2018\" width=\"640\" height=\"360\" src=\"https:\/\/www.youtube.com\/embed\/8yOGk6TIfAo?feature=oembed\" frameborder=\"0\" allow=\"accelerometer; autoplay; clipboard-write; encrypted-media; gyroscope; picture-in-picture; web-share\" referrerpolicy=\"strict-origin-when-cross-origin\" allowfullscreen><\/iframe>\n<\/div><\/figure>\n\n\n\n<p><\/p>\n\n\n\n<p><span class=\"has-inline-color has-vivid-red-color\">De 2011 \u00e0 octobre 2022, j&rsquo;ai expos\u00e9 mes photos au 4 rue de la Libert\u00e9 \u00e0 Terrasson dans la ville ancienne et j&rsquo;ai pu voir l&rsquo;\u00e9volution, la r\u00e9novation, les \u00e9choppes se cr\u00e9er avec des artisans d&rsquo;art.<\/span><\/p>\n\n\n\n<p><strong><span class=\"has-inline-color has-vivid-red-color\">Dans le local que j&rsquo;ai utilis\u00e9 jusqu&rsquo;en octobre 2022, avec accord oral du propri\u00e9taire&#8230;<\/span><\/strong> j&rsquo;aurai rencontr\u00e9 pas mal de belles personnes dont certaines ont achet\u00e9 mes oeuvres, mes tirages \u00ab\u00a0Fine&rsquo;Art\u00a0\u00bb que j&rsquo;imprime moi-m\u00eame, mes cr\u00e9ations de lampes avec mes photos sur les abat-jours&#8230;&nbsp; que vous pouvez acheter \u00e0 mon appart&rsquo;galerie (provisoire car je dois en partir&#8230;) au dessus du RDC mais aussi sur ma boutique en ligne <a rel=\"noreferrer noopener\" href=\"http:\/\/arborethic.com\" target=\"_blank\">http:\/\/arborethic.com &nbsp;<\/a><\/p>\n\n\n\n<div class=\"wp-block-image is-style-default\"><figure class=\"aligncenter\"><a href=\"http:\/\/vezere.org\/wp-content\/uploads\/2023\/01\/P_20210610_112609.jpg\"><img decoding=\"async\" src=\"http:\/\/vezere.org\/wp-content\/uploads\/2023\/01\/P_20210610_112609-768x1024.jpg\" alt=\"\" class=\"wp-image-11549\"\/><\/a><\/figure><\/div>\n\n\n\n<div class=\"wp-block-image is-style-default\"><figure class=\"aligncenter\"><a href=\"http:\/\/vezere.org\/wp-content\/uploads\/2023\/01\/P_20210625_162143.jpg\"><img decoding=\"async\" src=\"http:\/\/vezere.org\/wp-content\/uploads\/2023\/01\/P_20210625_162143-768x1024.jpg\" alt=\"\" class=\"wp-image-11551\"\/><\/a><\/figure><\/div>\n\n\n\n<p>Vu de l&rsquo;int\u00e9rieur&#8230;<\/p>\n\n\n\n<div class=\"wp-block-image is-style-default\"><figure class=\"aligncenter\"><a href=\"http:\/\/vezere.org\/wp-content\/uploads\/2023\/01\/IMG_20221020_124559.jpg\"><img decoding=\"async\" src=\"http:\/\/vezere.org\/wp-content\/uploads\/2023\/01\/IMG_20221020_124559-1024x473.jpg\" alt=\"\" class=\"wp-image-11553\"\/><\/a><\/figure><\/div>\n\n\n\n<p>E<span class=\"has-inline-color has-vivid-red-color\"><strong>n 2018, avec accord oral du propri\u00e9taire, et avec un ami artiste Julien, nous avions d\u00e9blay\u00e9 un cluseau (abris sous roche), il y en a une quinzaine dans la ville ancienne de Terrasson.<\/strong><\/span><\/p>\n\n\n\n<div class=\"wp-block-image is-style-default\"><figure class=\"aligncenter\"><a href=\"http:\/\/vezere.org\/wp-content\/uploads\/2023\/01\/cluseau_001bis.jpg\"><img decoding=\"async\" src=\"http:\/\/vezere.org\/wp-content\/uploads\/2023\/01\/cluseau_001bis-341x1024.jpg\" alt=\"\" class=\"wp-image-11555\"\/><\/a><\/figure><\/div>\n\n\n\n<div class=\"wp-block-image is-style-default\"><figure class=\"aligncenter\"><a href=\"http:\/\/vezere.org\/wp-content\/uploads\/2023\/01\/PANO_20221115_123325.jpg\"><img decoding=\"async\" src=\"http:\/\/vezere.org\/wp-content\/uploads\/2023\/01\/PANO_20221115_123325-1024x387.jpg\" alt=\"\" class=\"wp-image-11554\"\/><\/a><\/figure><\/div>\n\n\n\n<p>Maintenant ce local est vid\u00e9, afin d&rsquo;y accueillir des travaux&#8230;et l&rsquo;avenir dira qui y viendra&#8230;<\/p>\n\n\n\n<p><strong>De 2019 \u00e0 2024, j&rsquo;ai auto-\u00e9dit\u00e9 en petite quantit\u00e9 des calendriers et agendas dont ceux pour l&rsquo;entreprise \u00ab\u00a0Les Compagnons R\u00e9unis\u00a0\u00bb. Je leur ai aussi r\u00e9alis\u00e9 leur site internet, d\u00e9pliants&#8230;<\/strong><\/p>\n\n\n\n<p>Actuellement, J\u00e9r\u00f4me a sign\u00e9 une commande de Calendriers 2025 pour <strong>Delmon Group <\/strong>\u00e0 <strong>Terrasson<\/strong>. Th\u00e8me : \u00ab\u00a0Arbres &amp; Biodiversit\u00e9\u00a0\u00bb. Il tient \u00e0 remercie leurs PDG <strong>Sylvain Broux<\/strong>, pour sa confiance et amour de la nature. Le monde est petit&#8230;il avait \u00e9t\u00e9 PDG d&rsquo;une autre soci\u00e9t\u00e9 \u00e0 <strong>Epinal <\/strong>dans les Vosges, l\u00e0 o\u00f9 J\u00e9r\u00f4me Hutin est n\u00e9 et o\u00f9 sont ses racines familiales.<\/p>\n\n\n\n<figure class=\"wp-block-gallery columns-2 is-cropped wp-block-gallery-1 is-layout-flex wp-block-gallery-is-layout-flex\"><ul class=\"blocks-gallery-grid\"><li class=\"blocks-gallery-item\"><figure><img loading=\"lazy\" decoding=\"async\" width=\"724\" height=\"1024\" src=\"https:\/\/arborethic.com\/JeromeHutin\/wp-content\/uploads\/2024\/10\/calendrier-2025_DELMON-GROUP-FINAL-724x1024.jpg\" alt=\"\" data-id=\"158\" data-full-url=\"https:\/\/arborethic.com\/JeromeHutin\/wp-content\/uploads\/2024\/10\/calendrier-2025_DELMON-GROUP-FINAL.jpg\" data-link=\"https:\/\/arborethic.com\/JeromeHutin\/index.php\/arborethic\/calendrier-2025_delmon-group-final\/\" class=\"wp-image-158\" srcset=\"https:\/\/arborethic.com\/JeromeHutin\/wp-content\/uploads\/2024\/10\/calendrier-2025_DELMON-GROUP-FINAL-724x1024.jpg 724w, https:\/\/arborethic.com\/JeromeHutin\/wp-content\/uploads\/2024\/10\/calendrier-2025_DELMON-GROUP-FINAL-212x300.jpg 212w, https:\/\/arborethic.com\/JeromeHutin\/wp-content\/uploads\/2024\/10\/calendrier-2025_DELMON-GROUP-FINAL-768x1086.jpg 768w, https:\/\/arborethic.com\/JeromeHutin\/wp-content\/uploads\/2024\/10\/calendrier-2025_DELMON-GROUP-FINAL-1086x1536.jpg 1086w, https:\/\/arborethic.com\/JeromeHutin\/wp-content\/uploads\/2024\/10\/calendrier-2025_DELMON-GROUP-FINAL-1448x2048.jpg 1448w, https:\/\/arborethic.com\/JeromeHutin\/wp-content\/uploads\/2024\/10\/calendrier-2025_DELMON-GROUP-FINAL-1140x1612.jpg 1140w, https:\/\/arborethic.com\/JeromeHutin\/wp-content\/uploads\/2024\/10\/calendrier-2025_DELMON-GROUP-FINAL.jpg 1754w\" sizes=\"(max-width: 724px) 100vw, 724px\" \/><\/figure><\/li><li class=\"blocks-gallery-item\"><figure><img loading=\"lazy\" decoding=\"async\" width=\"724\" height=\"1024\" src=\"https:\/\/arborethic.com\/JeromeHutin\/wp-content\/uploads\/2024\/10\/calendrier-2025_DELMON-GROUP-FINAL2-724x1024.jpg\" alt=\"\" data-id=\"159\" data-full-url=\"https:\/\/arborethic.com\/JeromeHutin\/wp-content\/uploads\/2024\/10\/calendrier-2025_DELMON-GROUP-FINAL2.jpg\" data-link=\"https:\/\/arborethic.com\/JeromeHutin\/index.php\/arborethic\/calendrier-2025_delmon-group-final2\/\" class=\"wp-image-159\" srcset=\"https:\/\/arborethic.com\/JeromeHutin\/wp-content\/uploads\/2024\/10\/calendrier-2025_DELMON-GROUP-FINAL2-724x1024.jpg 724w, https:\/\/arborethic.com\/JeromeHutin\/wp-content\/uploads\/2024\/10\/calendrier-2025_DELMON-GROUP-FINAL2-212x300.jpg 212w, https:\/\/arborethic.com\/JeromeHutin\/wp-content\/uploads\/2024\/10\/calendrier-2025_DELMON-GROUP-FINAL2-768x1086.jpg 768w, https:\/\/arborethic.com\/JeromeHutin\/wp-content\/uploads\/2024\/10\/calendrier-2025_DELMON-GROUP-FINAL2-1086x1536.jpg 1086w, https:\/\/arborethic.com\/JeromeHutin\/wp-content\/uploads\/2024\/10\/calendrier-2025_DELMON-GROUP-FINAL2-1448x2048.jpg 1448w, https:\/\/arborethic.com\/JeromeHutin\/wp-content\/uploads\/2024\/10\/calendrier-2025_DELMON-GROUP-FINAL2-1140x1612.jpg 1140w, https:\/\/arborethic.com\/JeromeHutin\/wp-content\/uploads\/2024\/10\/calendrier-2025_DELMON-GROUP-FINAL2.jpg 1754w\" sizes=\"(max-width: 724px) 100vw, 724px\" \/><\/figure><\/li><li class=\"blocks-gallery-item\"><figure><img loading=\"lazy\" decoding=\"async\" width=\"724\" height=\"1024\" src=\"https:\/\/arborethic.com\/JeromeHutin\/wp-content\/uploads\/2024\/10\/calendrier-2025_DELMON-GROUP-FINAL3-724x1024.jpg\" alt=\"\" data-id=\"160\" data-full-url=\"https:\/\/arborethic.com\/JeromeHutin\/wp-content\/uploads\/2024\/10\/calendrier-2025_DELMON-GROUP-FINAL3.jpg\" data-link=\"https:\/\/arborethic.com\/JeromeHutin\/index.php\/arborethic\/calendrier-2025_delmon-group-final3\/\" class=\"wp-image-160\" srcset=\"https:\/\/arborethic.com\/JeromeHutin\/wp-content\/uploads\/2024\/10\/calendrier-2025_DELMON-GROUP-FINAL3-724x1024.jpg 724w, https:\/\/arborethic.com\/JeromeHutin\/wp-content\/uploads\/2024\/10\/calendrier-2025_DELMON-GROUP-FINAL3-212x300.jpg 212w, https:\/\/arborethic.com\/JeromeHutin\/wp-content\/uploads\/2024\/10\/calendrier-2025_DELMON-GROUP-FINAL3-768x1086.jpg 768w, https:\/\/arborethic.com\/JeromeHutin\/wp-content\/uploads\/2024\/10\/calendrier-2025_DELMON-GROUP-FINAL3-1086x1536.jpg 1086w, https:\/\/arborethic.com\/JeromeHutin\/wp-content\/uploads\/2024\/10\/calendrier-2025_DELMON-GROUP-FINAL3-1448x2048.jpg 1448w, https:\/\/arborethic.com\/JeromeHutin\/wp-content\/uploads\/2024\/10\/calendrier-2025_DELMON-GROUP-FINAL3-1140x1612.jpg 1140w, https:\/\/arborethic.com\/JeromeHutin\/wp-content\/uploads\/2024\/10\/calendrier-2025_DELMON-GROUP-FINAL3.jpg 1754w\" sizes=\"(max-width: 724px) 100vw, 724px\" \/><\/figure><\/li><li class=\"blocks-gallery-item\"><figure><img loading=\"lazy\" decoding=\"async\" width=\"724\" height=\"1024\" src=\"https:\/\/arborethic.com\/JeromeHutin\/wp-content\/uploads\/2024\/10\/calendrier-2025_DELMON-GROUP-FINAL4-724x1024.jpg\" alt=\"\" data-id=\"161\" data-full-url=\"https:\/\/arborethic.com\/JeromeHutin\/wp-content\/uploads\/2024\/10\/calendrier-2025_DELMON-GROUP-FINAL4.jpg\" data-link=\"https:\/\/arborethic.com\/JeromeHutin\/index.php\/arborethic\/calendrier-2025_delmon-group-final4\/\" class=\"wp-image-161\" srcset=\"https:\/\/arborethic.com\/JeromeHutin\/wp-content\/uploads\/2024\/10\/calendrier-2025_DELMON-GROUP-FINAL4-724x1024.jpg 724w, https:\/\/arborethic.com\/JeromeHutin\/wp-content\/uploads\/2024\/10\/calendrier-2025_DELMON-GROUP-FINAL4-212x300.jpg 212w, https:\/\/arborethic.com\/JeromeHutin\/wp-content\/uploads\/2024\/10\/calendrier-2025_DELMON-GROUP-FINAL4-768x1086.jpg 768w, https:\/\/arborethic.com\/JeromeHutin\/wp-content\/uploads\/2024\/10\/calendrier-2025_DELMON-GROUP-FINAL4-1086x1536.jpg 1086w, https:\/\/arborethic.com\/JeromeHutin\/wp-content\/uploads\/2024\/10\/calendrier-2025_DELMON-GROUP-FINAL4-1448x2048.jpg 1448w, https:\/\/arborethic.com\/JeromeHutin\/wp-content\/uploads\/2024\/10\/calendrier-2025_DELMON-GROUP-FINAL4-1140x1612.jpg 1140w, https:\/\/arborethic.com\/JeromeHutin\/wp-content\/uploads\/2024\/10\/calendrier-2025_DELMON-GROUP-FINAL4.jpg 1754w\" sizes=\"(max-width: 724px) 100vw, 724px\" \/><\/figure><\/li><li class=\"blocks-gallery-item\"><figure><img loading=\"lazy\" decoding=\"async\" width=\"724\" height=\"1024\" src=\"https:\/\/arborethic.com\/JeromeHutin\/wp-content\/uploads\/2024\/10\/calendrier-2025_DELMON-GROUP-FINAL5-724x1024.jpg\" alt=\"\" data-id=\"162\" data-full-url=\"https:\/\/arborethic.com\/JeromeHutin\/wp-content\/uploads\/2024\/10\/calendrier-2025_DELMON-GROUP-FINAL5.jpg\" data-link=\"https:\/\/arborethic.com\/JeromeHutin\/index.php\/arborethic\/calendrier-2025_delmon-group-final5\/\" class=\"wp-image-162\" srcset=\"https:\/\/arborethic.com\/JeromeHutin\/wp-content\/uploads\/2024\/10\/calendrier-2025_DELMON-GROUP-FINAL5-724x1024.jpg 724w, https:\/\/arborethic.com\/JeromeHutin\/wp-content\/uploads\/2024\/10\/calendrier-2025_DELMON-GROUP-FINAL5-212x300.jpg 212w, https:\/\/arborethic.com\/JeromeHutin\/wp-content\/uploads\/2024\/10\/calendrier-2025_DELMON-GROUP-FINAL5-768x1086.jpg 768w, https:\/\/arborethic.com\/JeromeHutin\/wp-content\/uploads\/2024\/10\/calendrier-2025_DELMON-GROUP-FINAL5-1086x1536.jpg 1086w, https:\/\/arborethic.com\/JeromeHutin\/wp-content\/uploads\/2024\/10\/calendrier-2025_DELMON-GROUP-FINAL5-1448x2048.jpg 1448w, https:\/\/arborethic.com\/JeromeHutin\/wp-content\/uploads\/2024\/10\/calendrier-2025_DELMON-GROUP-FINAL5-1140x1612.jpg 1140w, https:\/\/arborethic.com\/JeromeHutin\/wp-content\/uploads\/2024\/10\/calendrier-2025_DELMON-GROUP-FINAL5.jpg 1754w\" sizes=\"(max-width: 724px) 100vw, 724px\" \/><\/figure><\/li><li class=\"blocks-gallery-item\"><figure><img loading=\"lazy\" decoding=\"async\" width=\"724\" height=\"1024\" src=\"https:\/\/arborethic.com\/JeromeHutin\/wp-content\/uploads\/2024\/10\/calendrier-2025_DELMON-GROUP-FINAL16-724x1024.jpg\" alt=\"\" data-id=\"163\" data-full-url=\"https:\/\/arborethic.com\/JeromeHutin\/wp-content\/uploads\/2024\/10\/calendrier-2025_DELMON-GROUP-FINAL16.jpg\" data-link=\"https:\/\/arborethic.com\/JeromeHutin\/index.php\/arborethic\/calendrier-2025_delmon-group-final16\/\" class=\"wp-image-163\" srcset=\"https:\/\/arborethic.com\/JeromeHutin\/wp-content\/uploads\/2024\/10\/calendrier-2025_DELMON-GROUP-FINAL16-724x1024.jpg 724w, https:\/\/arborethic.com\/JeromeHutin\/wp-content\/uploads\/2024\/10\/calendrier-2025_DELMON-GROUP-FINAL16-212x300.jpg 212w, https:\/\/arborethic.com\/JeromeHutin\/wp-content\/uploads\/2024\/10\/calendrier-2025_DELMON-GROUP-FINAL16-768x1086.jpg 768w, https:\/\/arborethic.com\/JeromeHutin\/wp-content\/uploads\/2024\/10\/calendrier-2025_DELMON-GROUP-FINAL16-1086x1536.jpg 1086w, https:\/\/arborethic.com\/JeromeHutin\/wp-content\/uploads\/2024\/10\/calendrier-2025_DELMON-GROUP-FINAL16-1448x2048.jpg 1448w, https:\/\/arborethic.com\/JeromeHutin\/wp-content\/uploads\/2024\/10\/calendrier-2025_DELMON-GROUP-FINAL16-1140x1612.jpg 1140w, https:\/\/arborethic.com\/JeromeHutin\/wp-content\/uploads\/2024\/10\/calendrier-2025_DELMON-GROUP-FINAL16.jpg 1754w\" sizes=\"(max-width: 724px) 100vw, 724px\" \/><\/figure><\/li><li class=\"blocks-gallery-item\"><figure><img loading=\"lazy\" decoding=\"async\" width=\"724\" height=\"1024\" src=\"https:\/\/arborethic.com\/JeromeHutin\/wp-content\/uploads\/2024\/10\/calendrier-2025_DELMON-GROUP-FINAL17-724x1024.jpg\" alt=\"\" data-id=\"164\" data-full-url=\"https:\/\/arborethic.com\/JeromeHutin\/wp-content\/uploads\/2024\/10\/calendrier-2025_DELMON-GROUP-FINAL17.jpg\" data-link=\"https:\/\/arborethic.com\/JeromeHutin\/index.php\/arborethic\/calendrier-2025_delmon-group-final17\/\" class=\"wp-image-164\" srcset=\"https:\/\/arborethic.com\/JeromeHutin\/wp-content\/uploads\/2024\/10\/calendrier-2025_DELMON-GROUP-FINAL17-724x1024.jpg 724w, https:\/\/arborethic.com\/JeromeHutin\/wp-content\/uploads\/2024\/10\/calendrier-2025_DELMON-GROUP-FINAL17-212x300.jpg 212w, https:\/\/arborethic.com\/JeromeHutin\/wp-content\/uploads\/2024\/10\/calendrier-2025_DELMON-GROUP-FINAL17-768x1086.jpg 768w, https:\/\/arborethic.com\/JeromeHutin\/wp-content\/uploads\/2024\/10\/calendrier-2025_DELMON-GROUP-FINAL17-1086x1536.jpg 1086w, https:\/\/arborethic.com\/JeromeHutin\/wp-content\/uploads\/2024\/10\/calendrier-2025_DELMON-GROUP-FINAL17-1448x2048.jpg 1448w, https:\/\/arborethic.com\/JeromeHutin\/wp-content\/uploads\/2024\/10\/calendrier-2025_DELMON-GROUP-FINAL17-1140x1612.jpg 1140w, https:\/\/arborethic.com\/JeromeHutin\/wp-content\/uploads\/2024\/10\/calendrier-2025_DELMON-GROUP-FINAL17.jpg 1754w\" sizes=\"(max-width: 724px) 100vw, 724px\" \/><\/figure><\/li><\/ul><\/figure>\n\n\n\n<p>De nouveau<strong> Georges Lafaye, des Compagnons R\u00e9unis,<\/strong> lui commande des calendriers avec les photos de ses chantiers de r\u00e9novations de Monuments Historiques. Et je l&rsquo;en remercie.<\/p>\n\n\n\n<figure class=\"wp-block-gallery columns-2 is-cropped wp-block-gallery-2 is-layout-flex wp-block-gallery-is-layout-flex\"><ul class=\"blocks-gallery-grid\"><li class=\"blocks-gallery-item\"><figure><img loading=\"lazy\" decoding=\"async\" width=\"724\" height=\"1024\" src=\"https:\/\/arborethic.com\/JeromeHutin\/wp-content\/uploads\/2024\/10\/calendrier_2025_Compagnons_Reunis-724x1024.jpg\" alt=\"\" data-id=\"154\" data-full-url=\"https:\/\/arborethic.com\/JeromeHutin\/wp-content\/uploads\/2024\/10\/calendrier_2025_Compagnons_Reunis.jpg\" data-link=\"https:\/\/arborethic.com\/JeromeHutin\/index.php\/arborethic\/calendrier_2025_compagnons_reunis\/\" class=\"wp-image-154\" srcset=\"https:\/\/arborethic.com\/JeromeHutin\/wp-content\/uploads\/2024\/10\/calendrier_2025_Compagnons_Reunis-724x1024.jpg 724w, https:\/\/arborethic.com\/JeromeHutin\/wp-content\/uploads\/2024\/10\/calendrier_2025_Compagnons_Reunis-212x300.jpg 212w, https:\/\/arborethic.com\/JeromeHutin\/wp-content\/uploads\/2024\/10\/calendrier_2025_Compagnons_Reunis-768x1086.jpg 768w, https:\/\/arborethic.com\/JeromeHutin\/wp-content\/uploads\/2024\/10\/calendrier_2025_Compagnons_Reunis-1086x1536.jpg 1086w, https:\/\/arborethic.com\/JeromeHutin\/wp-content\/uploads\/2024\/10\/calendrier_2025_Compagnons_Reunis-1448x2048.jpg 1448w, https:\/\/arborethic.com\/JeromeHutin\/wp-content\/uploads\/2024\/10\/calendrier_2025_Compagnons_Reunis-1140x1612.jpg 1140w, https:\/\/arborethic.com\/JeromeHutin\/wp-content\/uploads\/2024\/10\/calendrier_2025_Compagnons_Reunis.jpg 1754w\" sizes=\"(max-width: 724px) 100vw, 724px\" \/><\/figure><\/li><li class=\"blocks-gallery-item\"><figure><img loading=\"lazy\" decoding=\"async\" width=\"724\" height=\"1024\" src=\"https:\/\/arborethic.com\/JeromeHutin\/wp-content\/uploads\/2024\/10\/calendrier_2025_Compagnons_Reunis2-724x1024.jpg\" alt=\"\" data-id=\"165\" data-full-url=\"https:\/\/arborethic.com\/JeromeHutin\/wp-content\/uploads\/2024\/10\/calendrier_2025_Compagnons_Reunis2.jpg\" data-link=\"https:\/\/arborethic.com\/JeromeHutin\/index.php\/arborethic\/calendrier_2025_compagnons_reunis2\/\" class=\"wp-image-165\" srcset=\"https:\/\/arborethic.com\/JeromeHutin\/wp-content\/uploads\/2024\/10\/calendrier_2025_Compagnons_Reunis2-724x1024.jpg 724w, https:\/\/arborethic.com\/JeromeHutin\/wp-content\/uploads\/2024\/10\/calendrier_2025_Compagnons_Reunis2-212x300.jpg 212w, https:\/\/arborethic.com\/JeromeHutin\/wp-content\/uploads\/2024\/10\/calendrier_2025_Compagnons_Reunis2-768x1086.jpg 768w, https:\/\/arborethic.com\/JeromeHutin\/wp-content\/uploads\/2024\/10\/calendrier_2025_Compagnons_Reunis2-1086x1536.jpg 1086w, https:\/\/arborethic.com\/JeromeHutin\/wp-content\/uploads\/2024\/10\/calendrier_2025_Compagnons_Reunis2-1448x2048.jpg 1448w, https:\/\/arborethic.com\/JeromeHutin\/wp-content\/uploads\/2024\/10\/calendrier_2025_Compagnons_Reunis2-1140x1612.jpg 1140w, https:\/\/arborethic.com\/JeromeHutin\/wp-content\/uploads\/2024\/10\/calendrier_2025_Compagnons_Reunis2.jpg 1754w\" sizes=\"(max-width: 724px) 100vw, 724px\" \/><\/figure><\/li><li class=\"blocks-gallery-item\"><figure><img loading=\"lazy\" decoding=\"async\" width=\"724\" height=\"1024\" src=\"https:\/\/arborethic.com\/JeromeHutin\/wp-content\/uploads\/2024\/10\/calendrier_2025_Compagnons_Reunis3-724x1024.jpg\" alt=\"\" data-id=\"155\" data-full-url=\"https:\/\/arborethic.com\/JeromeHutin\/wp-content\/uploads\/2024\/10\/calendrier_2025_Compagnons_Reunis3.jpg\" data-link=\"https:\/\/arborethic.com\/JeromeHutin\/index.php\/arborethic\/calendrier_2025_compagnons_reunis3\/\" class=\"wp-image-155\" srcset=\"https:\/\/arborethic.com\/JeromeHutin\/wp-content\/uploads\/2024\/10\/calendrier_2025_Compagnons_Reunis3-724x1024.jpg 724w, https:\/\/arborethic.com\/JeromeHutin\/wp-content\/uploads\/2024\/10\/calendrier_2025_Compagnons_Reunis3-212x300.jpg 212w, https:\/\/arborethic.com\/JeromeHutin\/wp-content\/uploads\/2024\/10\/calendrier_2025_Compagnons_Reunis3-768x1086.jpg 768w, https:\/\/arborethic.com\/JeromeHutin\/wp-content\/uploads\/2024\/10\/calendrier_2025_Compagnons_Reunis3-1086x1536.jpg 1086w, https:\/\/arborethic.com\/JeromeHutin\/wp-content\/uploads\/2024\/10\/calendrier_2025_Compagnons_Reunis3-1448x2048.jpg 1448w, https:\/\/arborethic.com\/JeromeHutin\/wp-content\/uploads\/2024\/10\/calendrier_2025_Compagnons_Reunis3-1140x1612.jpg 1140w, https:\/\/arborethic.com\/JeromeHutin\/wp-content\/uploads\/2024\/10\/calendrier_2025_Compagnons_Reunis3.jpg 1754w\" sizes=\"(max-width: 724px) 100vw, 724px\" \/><\/figure><\/li><li class=\"blocks-gallery-item\"><figure><img loading=\"lazy\" decoding=\"async\" width=\"724\" height=\"1024\" src=\"https:\/\/arborethic.com\/JeromeHutin\/wp-content\/uploads\/2024\/10\/calendrier_2025_Compagnons_Reunis6-724x1024.jpg\" alt=\"\" data-id=\"166\" data-full-url=\"https:\/\/arborethic.com\/JeromeHutin\/wp-content\/uploads\/2024\/10\/calendrier_2025_Compagnons_Reunis6.jpg\" data-link=\"https:\/\/arborethic.com\/JeromeHutin\/index.php\/arborethic\/calendrier_2025_compagnons_reunis6\/\" class=\"wp-image-166\" srcset=\"https:\/\/arborethic.com\/JeromeHutin\/wp-content\/uploads\/2024\/10\/calendrier_2025_Compagnons_Reunis6-724x1024.jpg 724w, https:\/\/arborethic.com\/JeromeHutin\/wp-content\/uploads\/2024\/10\/calendrier_2025_Compagnons_Reunis6-212x300.jpg 212w, https:\/\/arborethic.com\/JeromeHutin\/wp-content\/uploads\/2024\/10\/calendrier_2025_Compagnons_Reunis6-768x1086.jpg 768w, https:\/\/arborethic.com\/JeromeHutin\/wp-content\/uploads\/2024\/10\/calendrier_2025_Compagnons_Reunis6-1086x1536.jpg 1086w, https:\/\/arborethic.com\/JeromeHutin\/wp-content\/uploads\/2024\/10\/calendrier_2025_Compagnons_Reunis6-1448x2048.jpg 1448w, https:\/\/arborethic.com\/JeromeHutin\/wp-content\/uploads\/2024\/10\/calendrier_2025_Compagnons_Reunis6-1140x1612.jpg 1140w, https:\/\/arborethic.com\/JeromeHutin\/wp-content\/uploads\/2024\/10\/calendrier_2025_Compagnons_Reunis6.jpg 1754w\" sizes=\"(max-width: 724px) 100vw, 724px\" \/><\/figure><\/li><li class=\"blocks-gallery-item\"><figure><img loading=\"lazy\" decoding=\"async\" width=\"724\" height=\"1024\" src=\"https:\/\/arborethic.com\/JeromeHutin\/wp-content\/uploads\/2024\/10\/calendrier_2025_Compagnons_Reunis7-724x1024.jpg\" alt=\"\" data-id=\"156\" data-full-url=\"https:\/\/arborethic.com\/JeromeHutin\/wp-content\/uploads\/2024\/10\/calendrier_2025_Compagnons_Reunis7.jpg\" data-link=\"https:\/\/arborethic.com\/JeromeHutin\/index.php\/arborethic\/calendrier_2025_compagnons_reunis7\/\" class=\"wp-image-156\" srcset=\"https:\/\/arborethic.com\/JeromeHutin\/wp-content\/uploads\/2024\/10\/calendrier_2025_Compagnons_Reunis7-724x1024.jpg 724w, https:\/\/arborethic.com\/JeromeHutin\/wp-content\/uploads\/2024\/10\/calendrier_2025_Compagnons_Reunis7-212x300.jpg 212w, https:\/\/arborethic.com\/JeromeHutin\/wp-content\/uploads\/2024\/10\/calendrier_2025_Compagnons_Reunis7-768x1086.jpg 768w, https:\/\/arborethic.com\/JeromeHutin\/wp-content\/uploads\/2024\/10\/calendrier_2025_Compagnons_Reunis7-1086x1536.jpg 1086w, https:\/\/arborethic.com\/JeromeHutin\/wp-content\/uploads\/2024\/10\/calendrier_2025_Compagnons_Reunis7-1448x2048.jpg 1448w, https:\/\/arborethic.com\/JeromeHutin\/wp-content\/uploads\/2024\/10\/calendrier_2025_Compagnons_Reunis7-1140x1612.jpg 1140w, https:\/\/arborethic.com\/JeromeHutin\/wp-content\/uploads\/2024\/10\/calendrier_2025_Compagnons_Reunis7.jpg 1754w\" sizes=\"(max-width: 724px) 100vw, 724px\" \/><\/figure><\/li><li class=\"blocks-gallery-item\"><figure><img loading=\"lazy\" decoding=\"async\" width=\"724\" height=\"1024\" src=\"https:\/\/arborethic.com\/JeromeHutin\/wp-content\/uploads\/2024\/10\/calendrier_2025_Compagnons_Reunis17-1-724x1024.jpg\" alt=\"\" data-id=\"167\" data-full-url=\"https:\/\/arborethic.com\/JeromeHutin\/wp-content\/uploads\/2024\/10\/calendrier_2025_Compagnons_Reunis17-1.jpg\" data-link=\"https:\/\/arborethic.com\/JeromeHutin\/index.php\/arborethic\/calendrier_2025_compagnons_reunis17-1\/\" class=\"wp-image-167\" srcset=\"https:\/\/arborethic.com\/JeromeHutin\/wp-content\/uploads\/2024\/10\/calendrier_2025_Compagnons_Reunis17-1-724x1024.jpg 724w, https:\/\/arborethic.com\/JeromeHutin\/wp-content\/uploads\/2024\/10\/calendrier_2025_Compagnons_Reunis17-1-212x300.jpg 212w, https:\/\/arborethic.com\/JeromeHutin\/wp-content\/uploads\/2024\/10\/calendrier_2025_Compagnons_Reunis17-1-768x1086.jpg 768w, https:\/\/arborethic.com\/JeromeHutin\/wp-content\/uploads\/2024\/10\/calendrier_2025_Compagnons_Reunis17-1-1086x1536.jpg 1086w, https:\/\/arborethic.com\/JeromeHutin\/wp-content\/uploads\/2024\/10\/calendrier_2025_Compagnons_Reunis17-1-1448x2048.jpg 1448w, https:\/\/arborethic.com\/JeromeHutin\/wp-content\/uploads\/2024\/10\/calendrier_2025_Compagnons_Reunis17-1-1140x1612.jpg 1140w, https:\/\/arborethic.com\/JeromeHutin\/wp-content\/uploads\/2024\/10\/calendrier_2025_Compagnons_Reunis17-1.jpg 1754w\" sizes=\"(max-width: 724px) 100vw, 724px\" \/><\/figure><\/li><\/ul><\/figure>\n\n\n\n<p><span class=\"has-inline-color has-vivid-red-color\"><strong>Pour c\u00e9l\u00e9brer ses 40 ans de photographie<\/strong>, J\u00e9r\u00f4me souhaite \u00e9laborer un nouveau livre sur toutes ces ann\u00e9es depuis son CAP en 1986 \u00e0 2024 \u2013 2025 \u2013 2026. J\u00e9r\u00f4me n\u2019a pas photographi\u00e9 que des arbres, mais des animaux, des gens, des paysages, etc.<\/span><\/p>\n\n\n\n<p>Mais tout d\u2019abord pour 2025, c\u2019est d\u2019\u00e9diter des nouveaux calendriers et agendas dont celui qui se nomme \u201c<strong>40 ans de photographie<\/strong>\u201d, lequel regroupe quelques dizaine de photos des arbres mais pas seulement.<\/p>\n\n\n\n<p><strong>Vous pourrez le commander en ligne sur <a href=\"https:\/\/www.jeromehutin-photographe.fr\/boutique-arbor-ethic?store-page=Calendrier-2025-40-ans-de-photographies-de-J%C3%A9r%C3%B4me-Hutin-p701962848\" data-type=\"URL\" data-id=\"https:\/\/www.jeromehutin-photographe.fr\/boutique-arbor-ethic?store-page=Calendrier-2025-40-ans-de-photographies-de-J%C3%A9r%C3%B4me-Hutin-p701962848\" target=\"_blank\" rel=\"noreferrer noopener\">http:\/\/jeromehutin-photographe.fr<\/a><\/strong> mais aussi directement au pr\u00e8s de J\u00e9r\u00f4me Hutin. <strong>Pour les entreprises, des prix d\u00e9gressifs sont possibles tout comme ins\u00e9rer une ou plusieurs pages de vos entreprises. Comme cela est le cas avec <a rel=\"noreferrer noopener\" href=\"http:\/\/delmon-group.com\" target=\"_blank\">Delmon Group<\/a> et <a rel=\"noreferrer noopener\" href=\"https:\/\/lescompagnonsreunis.com\/\" target=\"_blank\">Les Compagnons R\u00e9unis<\/a>. Ces calendriers ont \u00e9t\u00e9 personnalis\u00e9s \u00e0 l\u2019image de leur soci\u00e9t\u00e9.<\/strong><\/p>\n\n\n\n<p>Voici quelques exemple des pages de son nouveau calendrier \u201c40 ans de photographie\u201d<\/p>\n\n\n\n<figure class=\"wp-block-gallery columns-2 is-cropped wp-block-gallery-3 is-layout-flex wp-block-gallery-is-layout-flex\"><ul class=\"blocks-gallery-grid\"><li class=\"blocks-gallery-item\"><figure><img loading=\"lazy\" decoding=\"async\" width=\"724\" height=\"1024\" src=\"https:\/\/arborethic.com\/JeromeHutin\/wp-content\/uploads\/2024\/10\/calendrier-2025_40ans-Photographies-A3-FINAL-724x1024.jpg\" alt=\"\" data-id=\"140\" data-full-url=\"https:\/\/arborethic.com\/JeromeHutin\/wp-content\/uploads\/2024\/10\/calendrier-2025_40ans-Photographies-A3-FINAL.jpg\" data-link=\"https:\/\/arborethic.com\/JeromeHutin\/index.php\/arborethic\/calendrier-2025_40ans-photographies-a3-final\/\" class=\"wp-image-140\" srcset=\"https:\/\/arborethic.com\/JeromeHutin\/wp-content\/uploads\/2024\/10\/calendrier-2025_40ans-Photographies-A3-FINAL-724x1024.jpg 724w, https:\/\/arborethic.com\/JeromeHutin\/wp-content\/uploads\/2024\/10\/calendrier-2025_40ans-Photographies-A3-FINAL-212x300.jpg 212w, https:\/\/arborethic.com\/JeromeHutin\/wp-content\/uploads\/2024\/10\/calendrier-2025_40ans-Photographies-A3-FINAL-768x1086.jpg 768w, https:\/\/arborethic.com\/JeromeHutin\/wp-content\/uploads\/2024\/10\/calendrier-2025_40ans-Photographies-A3-FINAL-1086x1536.jpg 1086w, https:\/\/arborethic.com\/JeromeHutin\/wp-content\/uploads\/2024\/10\/calendrier-2025_40ans-Photographies-A3-FINAL-1448x2048.jpg 1448w, https:\/\/arborethic.com\/JeromeHutin\/wp-content\/uploads\/2024\/10\/calendrier-2025_40ans-Photographies-A3-FINAL-1140x1612.jpg 1140w, https:\/\/arborethic.com\/JeromeHutin\/wp-content\/uploads\/2024\/10\/calendrier-2025_40ans-Photographies-A3-FINAL.jpg 1754w\" sizes=\"(max-width: 724px) 100vw, 724px\" \/><\/figure><\/li><li class=\"blocks-gallery-item\"><figure><img loading=\"lazy\" decoding=\"async\" width=\"724\" height=\"1024\" src=\"https:\/\/arborethic.com\/JeromeHutin\/wp-content\/uploads\/2024\/10\/calendrier-2025_40ans-Photographies-A3-FINAL2-724x1024.jpg\" alt=\"\" data-id=\"141\" data-full-url=\"https:\/\/arborethic.com\/JeromeHutin\/wp-content\/uploads\/2024\/10\/calendrier-2025_40ans-Photographies-A3-FINAL2.jpg\" data-link=\"https:\/\/arborethic.com\/JeromeHutin\/index.php\/arborethic\/calendrier-2025_40ans-photographies-a3-final2\/\" class=\"wp-image-141\" srcset=\"https:\/\/arborethic.com\/JeromeHutin\/wp-content\/uploads\/2024\/10\/calendrier-2025_40ans-Photographies-A3-FINAL2-724x1024.jpg 724w, https:\/\/arborethic.com\/JeromeHutin\/wp-content\/uploads\/2024\/10\/calendrier-2025_40ans-Photographies-A3-FINAL2-212x300.jpg 212w, https:\/\/arborethic.com\/JeromeHutin\/wp-content\/uploads\/2024\/10\/calendrier-2025_40ans-Photographies-A3-FINAL2-768x1086.jpg 768w, https:\/\/arborethic.com\/JeromeHutin\/wp-content\/uploads\/2024\/10\/calendrier-2025_40ans-Photographies-A3-FINAL2-1086x1536.jpg 1086w, https:\/\/arborethic.com\/JeromeHutin\/wp-content\/uploads\/2024\/10\/calendrier-2025_40ans-Photographies-A3-FINAL2-1448x2048.jpg 1448w, https:\/\/arborethic.com\/JeromeHutin\/wp-content\/uploads\/2024\/10\/calendrier-2025_40ans-Photographies-A3-FINAL2-1140x1612.jpg 1140w, https:\/\/arborethic.com\/JeromeHutin\/wp-content\/uploads\/2024\/10\/calendrier-2025_40ans-Photographies-A3-FINAL2.jpg 1754w\" sizes=\"(max-width: 724px) 100vw, 724px\" \/><\/figure><\/li><li class=\"blocks-gallery-item\"><figure><img loading=\"lazy\" decoding=\"async\" width=\"724\" height=\"1024\" src=\"https:\/\/arborethic.com\/JeromeHutin\/wp-content\/uploads\/2024\/10\/calendrier-2025_40ans-Photographies-A3-FINAL3-724x1024.jpg\" alt=\"\" data-id=\"142\" data-full-url=\"https:\/\/arborethic.com\/JeromeHutin\/wp-content\/uploads\/2024\/10\/calendrier-2025_40ans-Photographies-A3-FINAL3.jpg\" data-link=\"https:\/\/arborethic.com\/JeromeHutin\/index.php\/arborethic\/calendrier-2025_40ans-photographies-a3-final3\/\" class=\"wp-image-142\" srcset=\"https:\/\/arborethic.com\/JeromeHutin\/wp-content\/uploads\/2024\/10\/calendrier-2025_40ans-Photographies-A3-FINAL3-724x1024.jpg 724w, https:\/\/arborethic.com\/JeromeHutin\/wp-content\/uploads\/2024\/10\/calendrier-2025_40ans-Photographies-A3-FINAL3-212x300.jpg 212w, https:\/\/arborethic.com\/JeromeHutin\/wp-content\/uploads\/2024\/10\/calendrier-2025_40ans-Photographies-A3-FINAL3-768x1086.jpg 768w, https:\/\/arborethic.com\/JeromeHutin\/wp-content\/uploads\/2024\/10\/calendrier-2025_40ans-Photographies-A3-FINAL3-1086x1536.jpg 1086w, https:\/\/arborethic.com\/JeromeHutin\/wp-content\/uploads\/2024\/10\/calendrier-2025_40ans-Photographies-A3-FINAL3-1448x2048.jpg 1448w, https:\/\/arborethic.com\/JeromeHutin\/wp-content\/uploads\/2024\/10\/calendrier-2025_40ans-Photographies-A3-FINAL3-1140x1612.jpg 1140w, https:\/\/arborethic.com\/JeromeHutin\/wp-content\/uploads\/2024\/10\/calendrier-2025_40ans-Photographies-A3-FINAL3.jpg 1754w\" sizes=\"(max-width: 724px) 100vw, 724px\" \/><\/figure><\/li><li class=\"blocks-gallery-item\"><figure><img loading=\"lazy\" decoding=\"async\" width=\"724\" height=\"1024\" src=\"https:\/\/arborethic.com\/JeromeHutin\/wp-content\/uploads\/2024\/10\/calendrier-2025_40ans-Photographies-A3-FINAL4-724x1024.jpg\" alt=\"\" data-id=\"143\" data-full-url=\"https:\/\/arborethic.com\/JeromeHutin\/wp-content\/uploads\/2024\/10\/calendrier-2025_40ans-Photographies-A3-FINAL4.jpg\" data-link=\"https:\/\/arborethic.com\/JeromeHutin\/index.php\/arborethic\/calendrier-2025_40ans-photographies-a3-final4\/\" class=\"wp-image-143\" srcset=\"https:\/\/arborethic.com\/JeromeHutin\/wp-content\/uploads\/2024\/10\/calendrier-2025_40ans-Photographies-A3-FINAL4-724x1024.jpg 724w, https:\/\/arborethic.com\/JeromeHutin\/wp-content\/uploads\/2024\/10\/calendrier-2025_40ans-Photographies-A3-FINAL4-212x300.jpg 212w, https:\/\/arborethic.com\/JeromeHutin\/wp-content\/uploads\/2024\/10\/calendrier-2025_40ans-Photographies-A3-FINAL4-768x1086.jpg 768w, https:\/\/arborethic.com\/JeromeHutin\/wp-content\/uploads\/2024\/10\/calendrier-2025_40ans-Photographies-A3-FINAL4-1086x1536.jpg 1086w, https:\/\/arborethic.com\/JeromeHutin\/wp-content\/uploads\/2024\/10\/calendrier-2025_40ans-Photographies-A3-FINAL4-1448x2048.jpg 1448w, https:\/\/arborethic.com\/JeromeHutin\/wp-content\/uploads\/2024\/10\/calendrier-2025_40ans-Photographies-A3-FINAL4-1140x1612.jpg 1140w, https:\/\/arborethic.com\/JeromeHutin\/wp-content\/uploads\/2024\/10\/calendrier-2025_40ans-Photographies-A3-FINAL4.jpg 1754w\" sizes=\"(max-width: 724px) 100vw, 724px\" \/><\/figure><\/li><li class=\"blocks-gallery-item\"><figure><img loading=\"lazy\" decoding=\"async\" width=\"724\" height=\"1024\" src=\"https:\/\/arborethic.com\/JeromeHutin\/wp-content\/uploads\/2024\/10\/calendrier-2025_40ans-Photographies-A3-FINAL5-724x1024.jpg\" alt=\"\" data-id=\"144\" data-full-url=\"https:\/\/arborethic.com\/JeromeHutin\/wp-content\/uploads\/2024\/10\/calendrier-2025_40ans-Photographies-A3-FINAL5.jpg\" data-link=\"https:\/\/arborethic.com\/JeromeHutin\/index.php\/arborethic\/calendrier-2025_40ans-photographies-a3-final5\/\" class=\"wp-image-144\" srcset=\"https:\/\/arborethic.com\/JeromeHutin\/wp-content\/uploads\/2024\/10\/calendrier-2025_40ans-Photographies-A3-FINAL5-724x1024.jpg 724w, https:\/\/arborethic.com\/JeromeHutin\/wp-content\/uploads\/2024\/10\/calendrier-2025_40ans-Photographies-A3-FINAL5-212x300.jpg 212w, https:\/\/arborethic.com\/JeromeHutin\/wp-content\/uploads\/2024\/10\/calendrier-2025_40ans-Photographies-A3-FINAL5-768x1086.jpg 768w, https:\/\/arborethic.com\/JeromeHutin\/wp-content\/uploads\/2024\/10\/calendrier-2025_40ans-Photographies-A3-FINAL5-1086x1536.jpg 1086w, https:\/\/arborethic.com\/JeromeHutin\/wp-content\/uploads\/2024\/10\/calendrier-2025_40ans-Photographies-A3-FINAL5-1448x2048.jpg 1448w, https:\/\/arborethic.com\/JeromeHutin\/wp-content\/uploads\/2024\/10\/calendrier-2025_40ans-Photographies-A3-FINAL5-1140x1612.jpg 1140w, https:\/\/arborethic.com\/JeromeHutin\/wp-content\/uploads\/2024\/10\/calendrier-2025_40ans-Photographies-A3-FINAL5.jpg 1754w\" sizes=\"(max-width: 724px) 100vw, 724px\" \/><\/figure><\/li><li class=\"blocks-gallery-item\"><figure><img loading=\"lazy\" decoding=\"async\" width=\"724\" height=\"1024\" src=\"https:\/\/arborethic.com\/JeromeHutin\/wp-content\/uploads\/2024\/10\/calendrier-2025_40ans-Photographies-A3-FINAL6-724x1024.jpg\" alt=\"\" data-id=\"145\" data-full-url=\"https:\/\/arborethic.com\/JeromeHutin\/wp-content\/uploads\/2024\/10\/calendrier-2025_40ans-Photographies-A3-FINAL6.jpg\" data-link=\"https:\/\/arborethic.com\/JeromeHutin\/index.php\/arborethic\/calendrier-2025_40ans-photographies-a3-final6\/\" class=\"wp-image-145\" srcset=\"https:\/\/arborethic.com\/JeromeHutin\/wp-content\/uploads\/2024\/10\/calendrier-2025_40ans-Photographies-A3-FINAL6-724x1024.jpg 724w, https:\/\/arborethic.com\/JeromeHutin\/wp-content\/uploads\/2024\/10\/calendrier-2025_40ans-Photographies-A3-FINAL6-212x300.jpg 212w, https:\/\/arborethic.com\/JeromeHutin\/wp-content\/uploads\/2024\/10\/calendrier-2025_40ans-Photographies-A3-FINAL6-768x1086.jpg 768w, https:\/\/arborethic.com\/JeromeHutin\/wp-content\/uploads\/2024\/10\/calendrier-2025_40ans-Photographies-A3-FINAL6-1086x1536.jpg 1086w, https:\/\/arborethic.com\/JeromeHutin\/wp-content\/uploads\/2024\/10\/calendrier-2025_40ans-Photographies-A3-FINAL6-1448x2048.jpg 1448w, https:\/\/arborethic.com\/JeromeHutin\/wp-content\/uploads\/2024\/10\/calendrier-2025_40ans-Photographies-A3-FINAL6-1140x1612.jpg 1140w, https:\/\/arborethic.com\/JeromeHutin\/wp-content\/uploads\/2024\/10\/calendrier-2025_40ans-Photographies-A3-FINAL6.jpg 1754w\" sizes=\"(max-width: 724px) 100vw, 724px\" \/><\/figure><\/li><li class=\"blocks-gallery-item\"><figure><img loading=\"lazy\" decoding=\"async\" width=\"724\" height=\"1024\" src=\"https:\/\/arborethic.com\/JeromeHutin\/wp-content\/uploads\/2024\/10\/calendrier-2025_40ans-Photographies-A3-FINAL7-724x1024.jpg\" alt=\"\" data-id=\"146\" data-full-url=\"https:\/\/arborethic.com\/JeromeHutin\/wp-content\/uploads\/2024\/10\/calendrier-2025_40ans-Photographies-A3-FINAL7.jpg\" data-link=\"https:\/\/arborethic.com\/JeromeHutin\/index.php\/arborethic\/calendrier-2025_40ans-photographies-a3-final7\/\" class=\"wp-image-146\" srcset=\"https:\/\/arborethic.com\/JeromeHutin\/wp-content\/uploads\/2024\/10\/calendrier-2025_40ans-Photographies-A3-FINAL7-724x1024.jpg 724w, https:\/\/arborethic.com\/JeromeHutin\/wp-content\/uploads\/2024\/10\/calendrier-2025_40ans-Photographies-A3-FINAL7-212x300.jpg 212w, https:\/\/arborethic.com\/JeromeHutin\/wp-content\/uploads\/2024\/10\/calendrier-2025_40ans-Photographies-A3-FINAL7-768x1086.jpg 768w, https:\/\/arborethic.com\/JeromeHutin\/wp-content\/uploads\/2024\/10\/calendrier-2025_40ans-Photographies-A3-FINAL7-1086x1536.jpg 1086w, https:\/\/arborethic.com\/JeromeHutin\/wp-content\/uploads\/2024\/10\/calendrier-2025_40ans-Photographies-A3-FINAL7-1448x2048.jpg 1448w, https:\/\/arborethic.com\/JeromeHutin\/wp-content\/uploads\/2024\/10\/calendrier-2025_40ans-Photographies-A3-FINAL7-1140x1612.jpg 1140w, https:\/\/arborethic.com\/JeromeHutin\/wp-content\/uploads\/2024\/10\/calendrier-2025_40ans-Photographies-A3-FINAL7.jpg 1754w\" sizes=\"(max-width: 724px) 100vw, 724px\" \/><\/figure><\/li><li class=\"blocks-gallery-item\"><figure><img loading=\"lazy\" decoding=\"async\" width=\"724\" height=\"1024\" src=\"https:\/\/arborethic.com\/JeromeHutin\/wp-content\/uploads\/2024\/10\/calendrier-2025_40ans-Photographies-A3-FINAL9-724x1024.jpg\" alt=\"\" data-id=\"147\" data-full-url=\"https:\/\/arborethic.com\/JeromeHutin\/wp-content\/uploads\/2024\/10\/calendrier-2025_40ans-Photographies-A3-FINAL9.jpg\" data-link=\"https:\/\/arborethic.com\/JeromeHutin\/index.php\/arborethic\/calendrier-2025_40ans-photographies-a3-final9\/\" class=\"wp-image-147\" srcset=\"https:\/\/arborethic.com\/JeromeHutin\/wp-content\/uploads\/2024\/10\/calendrier-2025_40ans-Photographies-A3-FINAL9-724x1024.jpg 724w, https:\/\/arborethic.com\/JeromeHutin\/wp-content\/uploads\/2024\/10\/calendrier-2025_40ans-Photographies-A3-FINAL9-212x300.jpg 212w, https:\/\/arborethic.com\/JeromeHutin\/wp-content\/uploads\/2024\/10\/calendrier-2025_40ans-Photographies-A3-FINAL9-768x1086.jpg 768w, https:\/\/arborethic.com\/JeromeHutin\/wp-content\/uploads\/2024\/10\/calendrier-2025_40ans-Photographies-A3-FINAL9-1086x1536.jpg 1086w, https:\/\/arborethic.com\/JeromeHutin\/wp-content\/uploads\/2024\/10\/calendrier-2025_40ans-Photographies-A3-FINAL9-1448x2048.jpg 1448w, https:\/\/arborethic.com\/JeromeHutin\/wp-content\/uploads\/2024\/10\/calendrier-2025_40ans-Photographies-A3-FINAL9-1140x1612.jpg 1140w, https:\/\/arborethic.com\/JeromeHutin\/wp-content\/uploads\/2024\/10\/calendrier-2025_40ans-Photographies-A3-FINAL9.jpg 1754w\" sizes=\"(max-width: 724px) 100vw, 724px\" \/><\/figure><\/li><li class=\"blocks-gallery-item\"><figure><img loading=\"lazy\" decoding=\"async\" width=\"724\" height=\"1024\" src=\"https:\/\/arborethic.com\/JeromeHutin\/wp-content\/uploads\/2024\/10\/calendrier-2025_40ans-Photographies-A3-FINAL11-724x1024.jpg\" alt=\"\" data-id=\"148\" data-full-url=\"https:\/\/arborethic.com\/JeromeHutin\/wp-content\/uploads\/2024\/10\/calendrier-2025_40ans-Photographies-A3-FINAL11.jpg\" data-link=\"https:\/\/arborethic.com\/JeromeHutin\/index.php\/arborethic\/calendrier-2025_40ans-photographies-a3-final11\/\" class=\"wp-image-148\" srcset=\"https:\/\/arborethic.com\/JeromeHutin\/wp-content\/uploads\/2024\/10\/calendrier-2025_40ans-Photographies-A3-FINAL11-724x1024.jpg 724w, https:\/\/arborethic.com\/JeromeHutin\/wp-content\/uploads\/2024\/10\/calendrier-2025_40ans-Photographies-A3-FINAL11-212x300.jpg 212w, https:\/\/arborethic.com\/JeromeHutin\/wp-content\/uploads\/2024\/10\/calendrier-2025_40ans-Photographies-A3-FINAL11-768x1086.jpg 768w, https:\/\/arborethic.com\/JeromeHutin\/wp-content\/uploads\/2024\/10\/calendrier-2025_40ans-Photographies-A3-FINAL11-1086x1536.jpg 1086w, https:\/\/arborethic.com\/JeromeHutin\/wp-content\/uploads\/2024\/10\/calendrier-2025_40ans-Photographies-A3-FINAL11-1448x2048.jpg 1448w, https:\/\/arborethic.com\/JeromeHutin\/wp-content\/uploads\/2024\/10\/calendrier-2025_40ans-Photographies-A3-FINAL11-1140x1612.jpg 1140w, https:\/\/arborethic.com\/JeromeHutin\/wp-content\/uploads\/2024\/10\/calendrier-2025_40ans-Photographies-A3-FINAL11.jpg 1754w\" sizes=\"(max-width: 724px) 100vw, 724px\" \/><\/figure><\/li><li class=\"blocks-gallery-item\"><figure><img loading=\"lazy\" decoding=\"async\" width=\"724\" height=\"1024\" src=\"https:\/\/arborethic.com\/JeromeHutin\/wp-content\/uploads\/2024\/10\/calendrier-2025_40ans-Photographies-A3-FINAL12-724x1024.jpg\" alt=\"\" data-id=\"149\" data-full-url=\"https:\/\/arborethic.com\/JeromeHutin\/wp-content\/uploads\/2024\/10\/calendrier-2025_40ans-Photographies-A3-FINAL12.jpg\" data-link=\"https:\/\/arborethic.com\/JeromeHutin\/index.php\/arborethic\/calendrier-2025_40ans-photographies-a3-final12\/\" class=\"wp-image-149\" srcset=\"https:\/\/arborethic.com\/JeromeHutin\/wp-content\/uploads\/2024\/10\/calendrier-2025_40ans-Photographies-A3-FINAL12-724x1024.jpg 724w, https:\/\/arborethic.com\/JeromeHutin\/wp-content\/uploads\/2024\/10\/calendrier-2025_40ans-Photographies-A3-FINAL12-212x300.jpg 212w, https:\/\/arborethic.com\/JeromeHutin\/wp-content\/uploads\/2024\/10\/calendrier-2025_40ans-Photographies-A3-FINAL12-768x1086.jpg 768w, https:\/\/arborethic.com\/JeromeHutin\/wp-content\/uploads\/2024\/10\/calendrier-2025_40ans-Photographies-A3-FINAL12-1086x1536.jpg 1086w, https:\/\/arborethic.com\/JeromeHutin\/wp-content\/uploads\/2024\/10\/calendrier-2025_40ans-Photographies-A3-FINAL12-1448x2048.jpg 1448w, https:\/\/arborethic.com\/JeromeHutin\/wp-content\/uploads\/2024\/10\/calendrier-2025_40ans-Photographies-A3-FINAL12-1140x1612.jpg 1140w, https:\/\/arborethic.com\/JeromeHutin\/wp-content\/uploads\/2024\/10\/calendrier-2025_40ans-Photographies-A3-FINAL12.jpg 1754w\" sizes=\"(max-width: 724px) 100vw, 724px\" \/><\/figure><\/li><li class=\"blocks-gallery-item\"><figure><img loading=\"lazy\" decoding=\"async\" width=\"724\" height=\"1024\" src=\"https:\/\/arborethic.com\/JeromeHutin\/wp-content\/uploads\/2024\/10\/calendrier-2025_40ans-Photographies-A3-FINAL13-724x1024.jpg\" alt=\"\" data-id=\"150\" data-full-url=\"https:\/\/arborethic.com\/JeromeHutin\/wp-content\/uploads\/2024\/10\/calendrier-2025_40ans-Photographies-A3-FINAL13.jpg\" data-link=\"https:\/\/arborethic.com\/JeromeHutin\/index.php\/arborethic\/calendrier-2025_40ans-photographies-a3-final13\/\" class=\"wp-image-150\" srcset=\"https:\/\/arborethic.com\/JeromeHutin\/wp-content\/uploads\/2024\/10\/calendrier-2025_40ans-Photographies-A3-FINAL13-724x1024.jpg 724w, https:\/\/arborethic.com\/JeromeHutin\/wp-content\/uploads\/2024\/10\/calendrier-2025_40ans-Photographies-A3-FINAL13-212x300.jpg 212w, https:\/\/arborethic.com\/JeromeHutin\/wp-content\/uploads\/2024\/10\/calendrier-2025_40ans-Photographies-A3-FINAL13-768x1086.jpg 768w, https:\/\/arborethic.com\/JeromeHutin\/wp-content\/uploads\/2024\/10\/calendrier-2025_40ans-Photographies-A3-FINAL13-1086x1536.jpg 1086w, https:\/\/arborethic.com\/JeromeHutin\/wp-content\/uploads\/2024\/10\/calendrier-2025_40ans-Photographies-A3-FINAL13-1448x2048.jpg 1448w, https:\/\/arborethic.com\/JeromeHutin\/wp-content\/uploads\/2024\/10\/calendrier-2025_40ans-Photographies-A3-FINAL13-1140x1612.jpg 1140w, https:\/\/arborethic.com\/JeromeHutin\/wp-content\/uploads\/2024\/10\/calendrier-2025_40ans-Photographies-A3-FINAL13.jpg 1754w\" sizes=\"(max-width: 724px) 100vw, 724px\" \/><\/figure><\/li><li class=\"blocks-gallery-item\"><figure><img loading=\"lazy\" decoding=\"async\" width=\"724\" height=\"1024\" src=\"https:\/\/arborethic.com\/JeromeHutin\/wp-content\/uploads\/2024\/10\/calendrier-2025_40ans-Photographies-A3-FINAL16-724x1024.jpg\" alt=\"\" data-id=\"151\" data-full-url=\"https:\/\/arborethic.com\/JeromeHutin\/wp-content\/uploads\/2024\/10\/calendrier-2025_40ans-Photographies-A3-FINAL16.jpg\" data-link=\"https:\/\/arborethic.com\/JeromeHutin\/index.php\/arborethic\/calendrier-2025_40ans-photographies-a3-final16\/\" class=\"wp-image-151\" srcset=\"https:\/\/arborethic.com\/JeromeHutin\/wp-content\/uploads\/2024\/10\/calendrier-2025_40ans-Photographies-A3-FINAL16-724x1024.jpg 724w, https:\/\/arborethic.com\/JeromeHutin\/wp-content\/uploads\/2024\/10\/calendrier-2025_40ans-Photographies-A3-FINAL16-212x300.jpg 212w, https:\/\/arborethic.com\/JeromeHutin\/wp-content\/uploads\/2024\/10\/calendrier-2025_40ans-Photographies-A3-FINAL16-768x1086.jpg 768w, https:\/\/arborethic.com\/JeromeHutin\/wp-content\/uploads\/2024\/10\/calendrier-2025_40ans-Photographies-A3-FINAL16-1086x1536.jpg 1086w, https:\/\/arborethic.com\/JeromeHutin\/wp-content\/uploads\/2024\/10\/calendrier-2025_40ans-Photographies-A3-FINAL16-1448x2048.jpg 1448w, https:\/\/arborethic.com\/JeromeHutin\/wp-content\/uploads\/2024\/10\/calendrier-2025_40ans-Photographies-A3-FINAL16-1140x1612.jpg 1140w, https:\/\/arborethic.com\/JeromeHutin\/wp-content\/uploads\/2024\/10\/calendrier-2025_40ans-Photographies-A3-FINAL16.jpg 1754w\" sizes=\"(max-width: 724px) 100vw, 724px\" \/><\/figure><\/li><\/ul><\/figure>\n\n\n\n<p><strong>J\u00e9r\u00f4me a aussi r\u00e9alis\u00e9 pour Duravel Nature (Lot) et maintenant en hommage \u00e0 monsieur Henry Radet, des panneaux botaniques et forestiers, un calendrier, un guide des champignons, et un quizz des arbres !<\/strong><\/p>\n\n\n\n<figure class=\"wp-block-gallery columns-0 is-cropped wp-block-gallery-4 is-layout-flex wp-block-gallery-is-layout-flex\"><ul class=\"blocks-gallery-grid\"><\/ul><\/figure>\n\n\n\n\n\n\n\n<p><strong>En 2021, avec la mairie de Terrasson-Lavilledieu et leur soutien, nous avons imprim\u00e9 sur maille drapeau avec l&rsquo;entreprise vosgienne Up&rsquo;Textile une quarantaine de photos des arbres du P\u00e9rigord et de la V\u00e9z\u00e8re dont voici quelques images des impressions.&nbsp; Cette exposition \u00e9tait rest\u00e9e sur les remparts de juillet 2021 \u00e0 janvier 2022. Elle est disponible \u00e0 qui souhaiterait la louer.<\/strong><\/p>\n\n\n\n\n\n\n\n<div class=\"wp-block-image is-style-default\"><figure class=\"aligncenter\"><a href=\"http:\/\/vezere.org\/wp-content\/uploads\/2021\/11\/agenda-202281.jpg\"><img decoding=\"async\" src=\"http:\/\/vezere.org\/wp-content\/uploads\/2021\/11\/agenda-202281.jpg\" alt=\"\" class=\"wp-image-10630\"\/><\/a><\/figure><\/div>\n\n\n\n<div class=\"wp-block-image is-style-default\"><figure class=\"aligncenter\"><a href=\"http:\/\/vezere.org\/wp-content\/uploads\/2021\/11\/portrait-de-Jerome-Hutinc-D\u00e9clic-D\u00e9colle.jpg\"><img decoding=\"async\" src=\"http:\/\/vezere.org\/wp-content\/uploads\/2021\/11\/portrait-de-Jerome-Hutinc-D\u00e9clic-D\u00e9colle-682x1024.jpg\" alt=\"\" class=\"wp-image-10655\"\/><\/a><figcaption>photo de J\u00e9r\u00f4me Hutin r\u00e9alis\u00e9e en 2021 par \u00ab\u00a0D\u00e9clic et D\u00e9colle\u00a0\u00bb<\/figcaption><\/figure><\/div>\n\n\n\n<blockquote class=\"wp-block-quote is-layout-flow wp-block-quote-is-layout-flow\"><p><em>Au moment o\u00f9 j&rsquo;\u00e9cris ces derni\u00e8res lignes (31 janvier 2023), je dois trouver un autre lieu de vie, de cr\u00e9ation, un atelier expo. Apr\u00e8s toutes ces ann\u00e9es entour\u00e9 de murs en pierre, j&rsquo;ai absolument besoin d&rsquo;\u00eatre entour\u00e9 des arbres, de la for\u00eat, des animaux&#8230; Cela et urgent car d&rsquo;ici Mars, c&rsquo;est le printemps et la tr\u00eave hivernale&#8230; Alors vous qui me lisez&#8230;c&rsquo;est un peu un message dans une bouteille \u00e0 la mer&#8230; trouver un lieu dans le bassin versant de la V\u00e9z\u00e8re ! Je n&rsquo;ai pas les moyens d&rsquo;acheter et et sans garantie en locatif&#8230;par contre j&rsquo;ai mon art, mes photos, mon matos d&rsquo;impression et de d\u00e9veloppement&#8230;. Alors si vous avez des id\u00e9es&#8230;.? contactez moi vite&nbsp; svp !<\/em><\/p><\/blockquote>\n\n\n\n<p><strong>Pour que la graine germe&#8230;<\/strong><\/p>\n\n\n\n<p><strong>Prenons soin de la terre&nbsp;!<\/strong><\/p>\n\n\n\n<p>Ensemble faisons que cette graine devienne un arbre splendide.<\/p>\n\n\n\n<p>Merci&nbsp;!<\/p>\n","protected":false},"excerpt":{"rendered":"<p>J\u00e9r\u00f4me Hutin , j&rsquo;avais 5 ou 6 ans !! le plus bel enfant du monde !!!!! J\u00e9r\u00f4me Hutin est photographe depuis 1986. N\u00e9 dans les Vosges le 17 septembre 1967, de parents artisans d\u2019art, il vit en P\u00e9rigord depuis 1979. En 1971, toute la famille est partie vivre dans le ch\u00e2teau de Salomon pr\u00e8s de [&hellip;]<\/p>\n","protected":false},"author":1,"featured_media":0,"parent":0,"menu_order":0,"comment_status":"open","ping_status":"closed","template":"","meta":{"footnotes":""},"class_list":["post-17","page","type-page","status-publish","hentry"],"_links":{"self":[{"href":"https:\/\/arborethic.com\/JeromeHutin\/index.php\/wp-json\/wp\/v2\/pages\/17"}],"collection":[{"href":"https:\/\/arborethic.com\/JeromeHutin\/index.php\/wp-json\/wp\/v2\/pages"}],"about":[{"href":"https:\/\/arborethic.com\/JeromeHutin\/index.php\/wp-json\/wp\/v2\/types\/page"}],"author":[{"embeddable":true,"href":"https:\/\/arborethic.com\/JeromeHutin\/index.php\/wp-json\/wp\/v2\/users\/1"}],"replies":[{"embeddable":true,"href":"https:\/\/arborethic.com\/JeromeHutin\/index.php\/wp-json\/wp\/v2\/comments?post=17"}],"version-history":[{"count":4,"href":"https:\/\/arborethic.com\/JeromeHutin\/index.php\/wp-json\/wp\/v2\/pages\/17\/revisions"}],"predecessor-version":[{"id":212,"href":"https:\/\/arborethic.com\/JeromeHutin\/index.php\/wp-json\/wp\/v2\/pages\/17\/revisions\/212"}],"wp:attachment":[{"href":"https:\/\/arborethic.com\/JeromeHutin\/index.php\/wp-json\/wp\/v2\/media?parent=17"}],"curies":[{"name":"wp","href":"https:\/\/api.w.org\/{rel}","templated":true}]}}